{"id":231485,"date":"2026-04-24T14:43:13","date_gmt":"2026-04-24T14:43:13","guid":{"rendered":"https:\/\/prvi-vfc.org\/web\/?page_id=231485"},"modified":"2026-04-24T18:04:20","modified_gmt":"2026-04-24T18:04:20","slug":"coordinadores-del-prvivfc","status":"publish","type":"page","link":"https:\/\/prvi-vfc.org\/web\/coordinadores-del-prvivfc\/","title":{"rendered":"Coordinadores del PRVIVFC"},"content":{"rendered":"<p>[et_pb_section fb_built=&#8221;1&#8243; _builder_version=&#8221;4.25.2&#8243; _module_preset=&#8221;default&#8221; global_colors_info=&#8221;{}&#8221;][et_pb_row _builder_version=&#8221;4.25.2&#8243; _module_preset=&#8221;default&#8221; custom_padding=&#8221;5px|||||&#8221; global_colors_info=&#8221;{}&#8221;][et_pb_column type=&#8221;4_4&#8243; _builder_version=&#8221;4.25.2&#8243; _module_preset=&#8221;default&#8221; global_colors_info=&#8221;{}&#8221;][et_pb_text _builder_version=&#8221;4.25.2&#8243; _module_preset=&#8221;default&#8221; animation_style=&#8221;zoom&#8221; animation_duration=&#8221;1450ms&#8221; text_text_shadow_style=&#8221;preset1&#8243; text_text_shadow_blur_strength=&#8221;0.72em&#8221; text_text_shadow_color=&#8221;#0C71C3&#8243; global_colors_info=&#8221;{}&#8221;]<\/p>\n<h1 style=\"text-align: center;\"><span style=\"color: #ff0000;\"><strong>Coordinadores del PRVIVFC<\/strong><\/span><\/h1>\n<p>[\/et_pb_text][\/et_pb_column][\/et_pb_row][et_pb_row _builder_version=&#8221;4.25.2&#8243; _module_preset=&#8221;default&#8221; custom_padding=&#8221;0px||49px|||&#8221; global_colors_info=&#8221;{}&#8221;][et_pb_column type=&#8221;4_4&#8243; _builder_version=&#8221;4.25.2&#8243; _module_preset=&#8221;default&#8221; global_colors_info=&#8221;{}&#8221;][et_pb_image src=&#8221;https:\/\/prvi-vfc.org\/web\/wp-content\/uploads\/2026\/04\/ChatGPT-Image-24-abr-2026-13_04_57.png&#8221; align=&#8221;center&#8221; _builder_version=&#8221;4.25.2&#8243; _module_preset=&#8221;default&#8221; width=&#8221;75%&#8221; max_width=&#8221;75%&#8221; animation_style=&#8221;zoom&#8221; animation_duration=&#8221;1850ms&#8221; box_shadow_style=&#8221;preset1&#8243; box_shadow_color=&#8221;#0C71C3&#8243; global_colors_info=&#8221;{}&#8221;][\/et_pb_image][\/et_pb_column][\/et_pb_row][et_pb_row _builder_version=&#8221;4.25.2&#8243; _module_preset=&#8221;default&#8221; global_colors_info=&#8221;{}&#8221;][et_pb_column type=&#8221;4_4&#8243; _builder_version=&#8221;4.25.2&#8243; _module_preset=&#8221;default&#8221; global_colors_info=&#8221;{}&#8221;][et_pb_text _builder_version=&#8221;4.25.2&#8243; _module_preset=&#8221;default&#8221; text_font=&#8221;|900|||||||&#8221; text_line_height=&#8221;1em&#8221; custom_margin=&#8221;-31px|-97px||-59px||&#8221; hover_enabled=&#8221;0&#8243; global_colors_info=&#8221;{}&#8221; sticky_enabled=&#8221;0&#8243;]<\/p>\n<h5><span style=\"color: #000000;\"><strong><\/strong><\/span><\/h5>\n<h5><span style=\"color: #000000;\"><strong>Los coordinadores del <span style=\"color: #e02b20;\">PRVIVFC<\/span> son radioaficionados voluntarios que pertenecen a la Comunidad de Trustee de Puerto Rico e Islas V\u00edrgenes donde su prop\u00f3sito principal es<\/strong> <\/span><strong style=\"color: #b2002f; font-size: 14px;\">Orientar y resolver alguna situaci\u00f3n siguiendo las normas, procedimientos y protocolos como exige la gu\u00eda operacional para evitar interferencias.<\/strong><strong style=\"color: #b2002f; font-size: 14px;\">\u00a0<\/strong><\/h5>\n<p><strong style=\"color: #b2002f; font-size: 14px;\"><\/strong><\/p>\n<p><span style=\"color: #000000;\">Estos coordinadores son elegido en asamblea como lo establecido en la gu\u00eda operacional. A continuaci\u00f3n lo que expresa la gu\u00eda operacional:<\/span><\/p>\n<p><span style=\"color: #e02b20;\">Cap\u00edtulo II \u2013 <strong>JUNTA DE DIRECTORES<\/strong><\/span><\/p>\n<p><span style=\"color: #e09900;\"><strong>Secci\u00f3n I. 1. Vacantes y otros asuntos: <\/strong><\/span><\/p>\n<ol>\n<li><span style=\"color: #000000;\"><strong> <\/strong><span style=\"color: #001e82;\"><strong>De surgir una vacante por una raz\u00f3n justa en la Junta se llenar\u00e1 la vacante con un candidato id\u00f3neo escogido por los miembros de la comunidad de trustees que ocupar\u00e1 dicha posici\u00f3n ratificado por asamblea virtual o presencial.<\/strong><\/span><\/span><\/li>\n<li><span style=\"color: #001e82;\"><strong>Ning\u00fan oficial de la Junta recibir\u00e1 remuneraci\u00f3n por sus servicios.<\/strong><\/span><\/li>\n<li><span style=\"color: #001e82;\"><strong> <\/strong><strong>De surgir alguna(s) vacante(s) durante el periodo de 4 a\u00f1os de alg\u00fan miembro(s) de la Junta, estas podr\u00e1n ser llenadas mediante nominaci\u00f3n La junta abrir\u00e1 un periodo para nominaciones dentro de 5 d\u00edas y anunciar\u00e1 los nominados dentro de un periodo de 10 d\u00edas subsiguientes. Junta seguir\u00e1 los procesos parlamentarios y para validar o garantizar el voto ser\u00e1 con los due\u00f1os presentes y\/o virtualmente en una votaci\u00f3n de la mitad m\u00e1s 1 (50 % + 1). El voto ser\u00e1 de la siguiente manera para validar la selecci\u00f3n de la junta. <\/strong><strong>\u2713<\/strong><strong> Los due<\/strong><strong>\u00f1<\/strong><strong>os de repetidores que asistan a la Asamblea General o Extraordinaria debe estar presente y para la votaci<\/strong><strong>\u00f3<\/strong><strong>n de una nueva Junta se seguir<\/strong><strong>\u00e1<\/strong><strong> los procesos parlamentarios y para validar o garantizar el voto ser<\/strong><strong>\u00e1<\/strong><strong> con los due<\/strong><strong>\u00f1<\/strong><strong>os presentes en una votaci<\/strong><strong>\u00f3<\/strong><strong>n de la mitad m<\/strong><strong>\u00e1<\/strong><strong>s 1 (50 % + 1). <\/strong><strong>\u2713<\/strong><strong> Para votaciones futuras sobre asuntos nuevos que requiera la presencia de los due<\/strong><strong>\u00f1<\/strong><strong>os la votaci<\/strong><strong>\u00f3<\/strong><strong>n se continuar<\/strong><strong>\u00e1<\/strong><strong> con el proceso parlamentario y la votaci\u00f3n la mitad m\u00e1s 1.<\/strong><\/span><span style=\"color: #0047a5;\"><strong><\/strong><\/span><\/li>\n<\/ol>\n<p><span style=\"color: #000000;\">Si surge u<strong>na vacante se seguir\u00e1 con el protocolo establecido por la gu\u00eda operacional y se evaluar\u00e1 para la vacante los siguientes requisitos<\/strong>:<\/span><\/p>\n<ol>\n<li><span style=\"color: #2e6300;\"><strong>Ser residente en las diferentes area de Puerto Rico e Islas V\u00edrgenes.<\/strong><\/span><\/li>\n<li><span style=\"color: #2e6300;\"><strong>Tener conocimiento t\u00e9cnico en el \u00e1rea de las comunicaciones (repetidores).<\/strong><\/span><\/li>\n<li><span style=\"color: #2e6300;\"><strong>Destreza de orientar y resolver alguna situaci\u00f3n siguiendo las normas, procedimientos y protocolos como exige la gu\u00eda operacional <\/strong><strong>para evitar interferencias.<\/strong>\u00a0<\/span><\/li>\n<li><span style=\"color: #2e6300;\"><strong>Realizar los estudios para las validaciones de repetidores ON AIR.<\/strong><\/span><\/li>\n<li><span style=\"color: #021c00;\"><strong><span style=\"color: #2e6300;\">Poder moverse en las diferentes \u00e1reas de Puerto Rico e Islas V\u00edrgenes.<\/span>\u00a0<\/strong><\/span><\/li>\n<\/ol>\n<p><span style=\"color: #000000;\">\u00a0Actualmente los coordinadores de la Junta del PRVIVFC son:<\/span><\/p>\n<p><span style=\"color: #000000;\"><\/span><\/p>\n<ol>\n<li><span style=\"color: #000000;\">\u00a0\u00c1rea Norte &#8211; Sr. Ram\u00f3n E. Ramos KP4DH\u00a0<\/span><\/li>\n<li><span style=\"color: #000000;\">\u00c1rea Oeste &#8211; Sr. Iv\u00e1n Feli\u00fa WP4CPV<\/span><\/li>\n<li><span style=\"color: #000000;\">\u00c1rea Sur- Sr. Juan Sep\u00falveda KP3CR<\/span><\/li>\n<li><span style=\"color: #000000;\">\u00c1rea Este &#8211; Vacante ( Sr. H\u00e9ctor Melendez KP4FGL &#8211; SK)<\/span><\/li>\n<\/ol>\n<p>[\/et_pb_text][\/et_pb_column][\/et_pb_row][et_pb_row _builder_version=&#8221;4.25.2&#8243; _module_preset=&#8221;default&#8221; custom_margin=&#8221;|auto||74px||&#8221; global_colors_info=&#8221;{}&#8221;][et_pb_column type=&#8221;4_4&#8243; _builder_version=&#8221;4.25.2&#8243; _module_preset=&#8221;default&#8221; global_colors_info=&#8221;{}&#8221;][et_pb_text _builder_version=&#8221;4.25.2&#8243; _module_preset=&#8221;default&#8221; custom_margin=&#8221;-40px|-155px||||&#8221; animation_style=&#8221;zoom&#8221; animation_duration=&#8221;1450ms&#8221; text_text_shadow_style=&#8221;preset1&#8243; text_text_shadow_blur_strength=&#8221;0.72em&#8221; text_text_shadow_color=&#8221;#0C71C3&#8243; global_colors_info=&#8221;{}&#8221;]<\/p>\n<h1 style=\"text-align: center;\"><span style=\"color: #ff0000;\"><strong>Listado de pueblos asignados a los Coordinadores <\/strong><\/span><\/h1>\n<p>[\/et_pb_text][et_pb_text _builder_version=&#8221;4.25.2&#8243; _module_preset=&#8221;default&#8221; text_font=&#8221;|800|||||||&#8221; custom_margin=&#8221;-28px|-152px||||&#8221; animation_style=&#8221;zoom&#8221; animation_duration=&#8221;1450ms&#8221; global_colors_info=&#8221;{}&#8221;]<\/p>\n<p><strong>\n<table id=\"tablepress-17\" class=\"tablepress tablepress-id-17\">\n<thead>\n<tr class=\"row-1\">\n\t<th class=\"column-1\">Zona Norte - Central<\/th><th class=\"column-2\">Zona Sur<\/th><th class=\"column-3\">Zona Oeste<\/th><th class=\"column-4\">Zona este \/ I. V.<\/th>\n<\/tr>\n<\/thead>\n<tbody class=\"row-striping row-hover\">\n<tr class=\"row-2\">\n\t<td class=\"column-1\">Arecibo<\/td><td class=\"column-2\">Yauco<\/td><td class=\"column-3\">Sabana Grande<\/td><td class=\"column-4\">R\u00edo Grande<\/td>\n<\/tr>\n<tr class=\"row-3\">\n\t<td class=\"column-1\">Barceloneta<\/td><td class=\"column-2\">Guayanilla<\/td><td class=\"column-3\">San Germ\u00e1n<\/td><td class=\"column-4\">Luquillo<\/td>\n<\/tr>\n<tr class=\"row-4\">\n\t<td class=\"column-1\">Florida<\/td><td class=\"column-2\">Pe\u00f1uelas<\/td><td class=\"column-3\">Cabo Rojo<\/td><td class=\"column-4\">Fajardo<\/td>\n<\/tr>\n<tr class=\"row-5\">\n\t<td class=\"column-1\">Ciales<\/td><td class=\"column-2\">Adjuntas<\/td><td class=\"column-3\">Lajas<\/td><td class=\"column-4\">Ceiba<\/td>\n<\/tr>\n<tr class=\"row-6\">\n\t<td class=\"column-1\">Manat\u00ed<\/td><td class=\"column-2\">Gu\u00e1nica<\/td><td class=\"column-3\">Maricao<\/td><td class=\"column-4\">Naguabo<\/td>\n<\/tr>\n<tr class=\"row-7\">\n\t<td class=\"column-1\">Utuado<\/td><td class=\"column-2\">Ponce<\/td><td class=\"column-3\">Hormiguero<\/td><td class=\"column-4\">Humacao<\/td>\n<\/tr>\n<tr class=\"row-8\">\n\t<td class=\"column-1\">Morovis<\/td><td class=\"column-2\">Villalba<\/td><td class=\"column-3\">Mayag\u00fcez<\/td><td class=\"column-4\">Yabucoa<\/td>\n<\/tr>\n<tr class=\"row-9\">\n\t<td class=\"column-1\">Orocovis<\/td><td class=\"column-2\">Juana D\u00edaz<\/td><td class=\"column-3\">Las Mar\u00edas<\/td><td class=\"column-4\">Maunabo<\/td>\n<\/tr>\n<tr class=\"row-10\">\n\t<td class=\"column-1\">Vega Baja<\/td><td class=\"column-2\">Santa Isabel<\/td><td class=\"column-3\">A\u00f1asco<\/td><td class=\"column-4\">Patillas<\/td>\n<\/tr>\n<tr class=\"row-11\">\n\t<td class=\"column-1\">Vega Alta<\/td><td class=\"column-2\">Coamo<\/td><td class=\"column-3\">Rinc\u00f3n<\/td><td class=\"column-4\">Las Piedras<\/td>\n<\/tr>\n<tr class=\"row-12\">\n\t<td class=\"column-1\">Corozal<\/td><td class=\"column-2\">Salinas<\/td><td class=\"column-3\">Aguada<\/td><td class=\"column-4\">Juncos<\/td>\n<\/tr>\n<tr class=\"row-13\">\n\t<td class=\"column-1\">Dorado<\/td><td class=\"column-2\">Guayama<\/td><td class=\"column-3\">Moca<\/td><td class=\"column-4\">San Lorenzo<\/td>\n<\/tr>\n<tr class=\"row-14\">\n\t<td class=\"column-1\">Toa Alta<\/td><td class=\"column-2\">Aibonito<\/td><td class=\"column-3\">San Sebasti\u00e1n<\/td><td class=\"column-4\">Can\u00f3vanas<\/td>\n<\/tr>\n<tr class=\"row-15\">\n\t<td class=\"column-1\">Toa Baja<\/td><td class=\"column-2\">Cayey<\/td><td class=\"column-3\">Lares<\/td><td class=\"column-4\">Vieques<\/td>\n<\/tr>\n<tr class=\"row-16\">\n\t<td class=\"column-1\">Bayam\u00f3n<\/td><td class=\"column-2\">Jayuya<\/td><td class=\"column-3\">Aguadilla<\/td><td class=\"column-4\">Culebra<\/td>\n<\/tr>\n<tr class=\"row-17\">\n\t<td class=\"column-1\">Naranjito<\/td><td class=\"column-2\">Cidra<\/td><td class=\"column-3\">Isabela<\/td><td class=\"column-4\">Lo\u00edza<\/td>\n<\/tr>\n<tr class=\"row-18\">\n\t<td class=\"column-1\">Comerio<\/td><td class=\"column-2\">Gurabo<\/td><td class=\"column-3\">Camuy<\/td><td class=\"column-4\">Saint Croix<\/td>\n<\/tr>\n<tr class=\"row-19\">\n\t<td class=\"column-1\">Barranquitas<\/td><td class=\"column-2\">Caguas<\/td><td class=\"column-3\">Hatillo<\/td><td class=\"column-4\">Saint Thomas<\/td>\n<\/tr>\n<tr class=\"row-20\">\n\t<td class=\"column-1\">Cata\u00f1o<\/td><td class=\"column-2\">Arroyo<\/td><td class=\"column-3\">Quebradilla<\/td><td class=\"column-4\">Saint John<\/td>\n<\/tr>\n<tr class=\"row-21\">\n\t<td class=\"column-1\">Guaynabo<\/td><td class=\"column-2\"><\/td><td class=\"column-3\"><\/td><td class=\"column-4\"><\/td>\n<\/tr>\n<tr class=\"row-22\">\n\t<td class=\"column-1\">Aguas Buenas<\/td><td class=\"column-2\"><\/td><td class=\"column-3\"><\/td><td class=\"column-4\"><\/td>\n<\/tr>\n<tr class=\"row-23\">\n\t<td class=\"column-1\">San Juan<\/td><td class=\"column-2\"><\/td><td class=\"column-3\"><\/td><td class=\"column-4\"><\/td>\n<\/tr>\n<tr class=\"row-24\">\n\t<td class=\"column-1\">Carolina<\/td><td class=\"column-2\"><\/td><td class=\"column-3\"><\/td><td class=\"column-4\"><\/td>\n<\/tr>\n<tr class=\"row-25\">\n\t<td class=\"column-1\">Trujillo Alto<\/td><td class=\"column-2\"><\/td><td class=\"column-3\"><\/td><td class=\"column-4\"><\/td>\n<\/tr>\n<tr class=\"row-26\">\n\t<td class=\"column-1\">24 pueblos<\/td><td class=\"column-2\">19 pueblos<\/td><td class=\"column-3\">19 pueblos<\/td><td class=\"column-4\">16 pueblos + 3 islas I.V.<\/td>\n<\/tr>\n<\/tbody>\n<\/table>\n<!-- #tablepress-17 from cache --><\/strong><\/p>\n<p>[\/et_pb_text][\/et_pb_column][\/et_pb_row][et_pb_row _builder_version=&#8221;4.25.2&#8243; _module_preset=&#8221;default&#8221; custom_padding=&#8221;0px|||||&#8221; global_colors_info=&#8221;{}&#8221;][et_pb_column type=&#8221;4_4&#8243; _builder_version=&#8221;4.25.2&#8243; _module_preset=&#8221;default&#8221; global_colors_info=&#8221;{}&#8221;][et_pb_image src=&#8221;https:\/\/prvi-vfc.org\/web\/wp-content\/uploads\/2026\/04\/ChatGPT-Image-15-abr-2026-18_41_48.png&#8221; _builder_version=&#8221;4.25.2&#8243; _module_preset=&#8221;default&#8221; custom_margin=&#8221;-56px|||||&#8221; custom_padding=&#8221;0px||0px|||&#8221; animation_style=&#8221;zoom&#8221; animation_duration=&#8221;1800ms&#8221; global_colors_info=&#8221;{}&#8221;][\/et_pb_image][\/et_pb_column][\/et_pb_row][et_pb_row _builder_version=&#8221;4.25.2&#8243; _module_preset=&#8221;default&#8221; custom_padding=&#8221;0px|||||&#8221; global_colors_info=&#8221;{}&#8221;][et_pb_column type=&#8221;4_4&#8243; _builder_version=&#8221;4.25.2&#8243; _module_preset=&#8221;default&#8221; global_colors_info=&#8221;{}&#8221;][et_pb_text _builder_version=&#8221;4.25.2&#8243; _module_preset=&#8221;default&#8221; custom_margin=&#8221;-98px|||||&#8221; custom_padding=&#8221;0px|||||&#8221; text_text_shadow_style=&#8221;preset1&#8243; text_text_shadow_horizontal_length=&#8221;0.07em&#8221; text_text_shadow_vertical_length=&#8221;0.15em&#8221; text_text_shadow_blur_strength=&#8221;0.37em&#8221; text_text_shadow_color=&#8221;#0C71C3&#8243; global_colors_info=&#8221;{}&#8221;]<\/p>\n<h2 style=\"text-align: center;\"><strong><span style=\"color: #000080;\">Derechos Reservados 2026<\/span>\u00a0<span style=\"color: #ff0000;\">PRVIVFC<\/span><\/strong><\/h2>\n<p>[\/et_pb_text][\/et_pb_column][\/et_pb_row][\/et_pb_section]<\/p>\n","protected":false},"excerpt":{"rendered":"<p>Coordinadores del PRVIVFC Los coordinadores del PRVIVFC son radioaficionados voluntarios que pertenecen a la Comunidad de Trustee de Puerto Rico e Islas V\u00edrgenes donde su prop\u00f3sito principal es Orientar y resolver alguna situaci\u00f3n siguiendo las normas, procedimientos y protocolos como exige la gu\u00eda operacional para evitar interferencias.\u00a0 Estos coordinadores son elegido en asamblea como lo [&hellip;]<\/p>\n","protected":false},"author":2,"featured_media":0,"parent":0,"menu_order":0,"comment_status":"closed","ping_status":"closed","template":"","meta":{"_et_pb_use_builder":"on","_et_pb_old_content":"","_et_gb_content_width":"","footnotes":""},"class_list":["post-231485","page","type-page","status-publish","hentry"],"_links":{"self":[{"href":"https:\/\/prvi-vfc.org\/web\/wp-json\/wp\/v2\/pages\/231485","targetHints":{"allow":["GET"]}}],"collection":[{"href":"https:\/\/prvi-vfc.org\/web\/wp-json\/wp\/v2\/pages"}],"about":[{"href":"https:\/\/prvi-vfc.org\/web\/wp-json\/wp\/v2\/types\/page"}],"author":[{"embeddable":true,"href":"https:\/\/prvi-vfc.org\/web\/wp-json\/wp\/v2\/users\/2"}],"replies":[{"embeddable":true,"href":"https:\/\/prvi-vfc.org\/web\/wp-json\/wp\/v2\/comments?post=231485"}],"version-history":[{"count":10,"href":"https:\/\/prvi-vfc.org\/web\/wp-json\/wp\/v2\/pages\/231485\/revisions"}],"predecessor-version":[{"id":231508,"href":"https:\/\/prvi-vfc.org\/web\/wp-json\/wp\/v2\/pages\/231485\/revisions\/231508"}],"wp:attachment":[{"href":"https:\/\/prvi-vfc.org\/web\/wp-json\/wp\/v2\/media?parent=231485"}],"curies":[{"name":"wp","href":"https:\/\/api.w.org\/{rel}","templated":true}]}}